{"id":17075,"date":"2025-07-13T23:00:52","date_gmt":"2025-07-13T23:00:52","guid":{"rendered":"https:\/\/isabelle-delannoy.com\/the-artist\/"},"modified":"2026-07-23T21:12:28","modified_gmt":"2026-07-23T21:12:28","slug":"the-artist","status":"publish","type":"page","link":"https:\/\/isabelle-delannoy.com\/en\/the-artist\/","title":{"rendered":"The artist"},"content":{"rendered":"<p>[et_pb_section fb_built=&#8221;1&#8243; _builder_version=&#8221;4.27.4&#8243; _module_preset=&#8221;default&#8221; global_colors_info=&#8221;{}&#8221;][et_pb_row column_structure=&#8221;1_6,1_6,1_6,1_6,1_6,1_6&#8243; use_custom_gutter=&#8221;on&#8221; gutter_width=&#8221;1&#8243; _builder_version=&#8221;4.27.4&#8243; _module_preset=&#8221;default&#8221; width=&#8221;100%&#8221; max_width=&#8221;90%&#8221; global_colors_info=&#8221;{}&#8221;][et_pb_column type=&#8221;1_6&#8243; _builder_version=&#8221;4.27.4&#8243; _module_preset=&#8221;default&#8221; global_colors_info=&#8221;{}&#8221;][et_pb_button button_url=&#8221;\/actualites-disabelle-delannoy-artiste-peintre\/&#8221; button_text=&#8221;His News&#8221; button_alignment=&#8221;center&#8221; _builder_version=&#8221;4.27.4&#8243; _module_preset=&#8221;default&#8221; global_colors_info=&#8221;{}&#8221;][\/et_pb_button][\/et_pb_column][et_pb_column type=&#8221;1_6&#8243; _builder_version=&#8221;4.27.4&#8243; _module_preset=&#8221;default&#8221; global_colors_info=&#8221;{}&#8221;][et_pb_button button_url=&#8221;#atelier-isabelle-delannoy&#8221; button_text=&#8221;His studio&#8221; button_alignment=&#8221;center&#8221; _builder_version=&#8221;4.27.4&#8243; _module_preset=&#8221;default&#8221; button_border_color_last_edited=&#8221;off|desktop&#8221; global_colors_info=&#8221;{}&#8221; button_bg_color__hover_enabled=&#8221;on|hover&#8221; button_bg_color__hover=&#8221;#f4e7d0&#8243; button_bg_enable_color__hover=&#8221;on&#8221; button_border_color__hover_enabled=&#8221;on|desktop&#8221; button_border_color__hover=&#8221;#f4e7d0&#8243; button_letter_spacing__hover_enabled=&#8221;on|hover&#8221; button_letter_spacing__hover=&#8221;2px&#8221;][\/et_pb_button][\/et_pb_column][et_pb_column type=&#8221;1_6&#8243; _builder_version=&#8221;4.27.4&#8243; _module_preset=&#8221;default&#8221; global_colors_info=&#8221;{}&#8221;][et_pb_button button_url=&#8221;#distinctions&#8221; button_text=&#8221;Awards&#8221; button_alignment=&#8221;center&#8221; _builder_version=&#8221;4.27.4&#8243; _module_preset=&#8221;default&#8221; global_colors_info=&#8221;{}&#8221;][\/et_pb_button][\/et_pb_column][et_pb_column type=&#8221;1_6&#8243; _builder_version=&#8221;4.27.4&#8243; _module_preset=&#8221;default&#8221; global_colors_info=&#8221;{}&#8221;][et_pb_button button_url=&#8221;#expositions&#8221; button_text=&#8221;Exhibitions&#8221; button_alignment=&#8221;center&#8221; _builder_version=&#8221;4.27.4&#8243; _module_preset=&#8221;default&#8221; global_colors_info=&#8221;{}&#8221;][\/et_pb_button][\/et_pb_column][et_pb_column type=&#8221;1_6&#8243; _builder_version=&#8221;4.27.4&#8243; _module_preset=&#8221;default&#8221; global_colors_info=&#8221;{}&#8221;][et_pb_button button_url=&#8221;https:\/\/isabelle-delannoy.com\/en\/meet\/&#8221; button_text=&#8221;Meet&#8221; button_alignment=&#8221;center&#8221; _builder_version=&#8221;4.27.4&#8243; _module_preset=&#8221;default&#8221; global_colors_info=&#8221;{}&#8221;][\/et_pb_button][\/et_pb_column][et_pb_column type=&#8221;1_6&#8243; _builder_version=&#8221;4.27.4&#8243; _module_preset=&#8221;default&#8221; global_colors_info=&#8221;{}&#8221;][et_pb_button button_url=&#8221;#moments-videos&#8221; button_text=&#8221;Video Highlights&#8221; button_alignment=&#8221;center&#8221; _builder_version=&#8221;4.27.4&#8243; _module_preset=&#8221;default&#8221; global_colors_info=&#8221;{}&#8221;][\/et_pb_button][\/et_pb_column][\/et_pb_row][\/et_pb_section][et_pb_section fb_built=&#8221;1&#8243; admin_label=&#8221;Header&#8221; _builder_version=&#8221;4.27.4&#8243; custom_padding=&#8221;20px||20px||true|false&#8221; locked=&#8221;off&#8221; global_colors_info=&#8221;{}&#8221;][et_pb_row column_structure=&#8221;3_5,2_5&#8243; _builder_version=&#8221;4.27.4&#8243; z_index=&#8221;10&#8243; width=&#8221;100%&#8221; max_width=&#8221;90%&#8221; custom_padding=&#8221;0px||0px|||&#8221; global_colors_info=&#8221;{}&#8221;][et_pb_column type=&#8221;3_5&#8243; _builder_version=&#8221;4.16&#8243; background_color=&#8221;#ffffff&#8221; z_index=&#8221;11&#8243; custom_padding=&#8221;50px|60px|50px||true|false&#8221; custom_padding_tablet=&#8221;0px|0px|60px||false|false&#8221; custom_padding_phone=&#8221;&#8221; custom_padding_last_edited=&#8221;on|tablet&#8221; global_colors_info=&#8221;{}&#8221;][et_pb_text _builder_version=&#8221;4.27.4&#8243; text_font=&#8221;||||||||&#8221; text_text_color=&#8221;#000000&#8243; text_line_height=&#8221;2em&#8221; header_font=&#8221;Alice||||||||&#8221; header_text_color=&#8221;#000000&#8243; header_font_size=&#8221;60px&#8221; header_line_height=&#8221;1.2em&#8221; header_2_font=&#8221;Alice||||||||&#8221; header_2_text_color=&#8221;#000000&#8243; header_2_font_size=&#8221;30px&#8221; header_2_line_height=&#8221;1.4em&#8221; custom_margin=&#8221;||||false|false&#8221; custom_padding=&#8221;||0px|||&#8221; text_font_size_tablet=&#8221;15px&#8221; text_font_size_phone=&#8221;14px&#8221; text_font_size_last_edited=&#8221;off|desktop&#8221; header_font_size_tablet=&#8221;50px&#8221; header_font_size_phone=&#8221;30px&#8221; header_font_size_last_edited=&#8221;on|phone&#8221; header_2_font_size_tablet=&#8221;25px&#8221; header_2_font_size_phone=&#8221;20px&#8221; header_2_font_size_last_edited=&#8221;on|phone&#8221; global_colors_info=&#8221;{}&#8221;]<\/p>\n<h1>The artist Isabelle<\/h1>\n<h2>A soft and sensitive palette in search of a poetic reality\u2026<\/h2>\n<p>Isabelle Delannoy is a French painter who graduated from the Conservatoire National des Arts et M\u00e9tiers in 1995 and trained in oil painting techniques under the painters Philippe Lejeune, founder of the \u00c9cole d&#8217;\u00c9tampes, and Pascal Vinardel, in his painting studio at the \u00c9cole nationale sup\u00e9rieure des arts et d\u00e9coratifs (ENSAD).<\/p>\n<p>Rooted in figurative art, Isabelle Delannoy\u2019s works celebrate the beauty of Nature and Life through the delicate and warm harmonies of oil painting. Passionate about colors and materials, the artist expresses, through her series of paintings\u2014true \u201cinner poems\u201d\u2014the profound joy of the act of painting, inviting the viewer into a reality that is both sensitive and poetic. <\/p>\n<p>Since 2011, the artist has been a fixture at the famous Paris Saint-Ouen International Art and Antiques Market, where her work is recognized and purchased not only by French and international collectors and art lovers but also by interior designers, for whom she creates commissioned pieces.<\/p>\n<p>In 2018, she was invited to China for a one-and-a-half-month artist residency, following which her works were acquired by the Shangjin International Art Center in Yunxi, Hubei, China.<\/p>\n<p>In 2019, Isabelle Delannoy received the i-CAC certification, which sets a quality standard for art professionals and the discerning public.<\/p>\n<p>In 2021, Isabelle Delannoy permanently established her studio in Les Sables-d\u2019Olonne.<\/p>\n<p>[\/et_pb_text][\/et_pb_column][et_pb_column type=&#8221;2_5&#8243; _builder_version=&#8221;4.16&#8243; z_index=&#8221;10&#8243; global_colors_info=&#8221;{}&#8221;][et_pb_text _builder_version=&#8221;4.27.4&#8243; text_font=&#8221;||||||||&#8221; text_text_color=&#8221;#000000&#8243; text_line_height=&#8221;2em&#8221; header_font=&#8221;Alice||||||||&#8221; header_text_color=&#8221;#000000&#8243; header_font_size=&#8221;60px&#8221; header_line_height=&#8221;1.2em&#8221; header_2_font=&#8221;Alice||||||||&#8221; header_2_text_color=&#8221;#000000&#8243; header_2_font_size=&#8221;30px&#8221; header_2_line_height=&#8221;1.4em&#8221; custom_margin=&#8221;||||false|false&#8221; custom_padding=&#8221;137px|||||&#8221; text_font_size_tablet=&#8221;15px&#8221; text_font_size_phone=&#8221;14px&#8221; text_font_size_last_edited=&#8221;off|desktop&#8221; header_font_size_tablet=&#8221;50px&#8221; header_font_size_phone=&#8221;30px&#8221; header_font_size_last_edited=&#8221;on|phone&#8221; header_2_font_size_tablet=&#8221;25px&#8221; header_2_font_size_phone=&#8221;20px&#8221; header_2_font_size_last_edited=&#8221;on|phone&#8221; global_colors_info=&#8221;{}&#8221;]<\/p>\n<p>Her works are on permanent display and available for purchase at the Paris Saint-Ouen International Art and Antiques Market, where she has successfully built up her client base. Her works are included in numerous private and public collections in France and abroad. <\/p>\n<p>[\/et_pb_text][et_pb_image src=&#8221;https:\/\/isabelle-delannoy.com\/wp-content\/uploads\/2021\/11\/Isabelle-Delannoy-portrait.jpg&#8221; alt=&#8221;Isabelle Delannoy &#8211; Parisian Painter&#8221; title_text=&#8221;Isabelle Delannoy\u2014Portrait&#8221; disabled_on=&#8221;on|on|off&#8221; _builder_version=&#8221;4.27.4&#8243; border_radii=&#8221;on|3px|3px|3px|3px&#8221; border_color_all=&#8221;RGBA(255,255,255,0)&#8221; global_colors_info=&#8221;{}&#8221;][\/et_pb_image][et_pb_social_media_follow _builder_version=&#8221;4.27.4&#8243; _module_preset=&#8221;default&#8221; text_orientation=&#8221;center&#8221; custom_margin=&#8221;||||false|false&#8221; locked=&#8221;off&#8221; global_colors_info=&#8221;{}&#8221;][et_pb_social_media_follow_network social_network=&#8221;facebook&#8221; url=&#8221;https:\/\/www.facebook.com\/IsabelleDelannoyArtistePeintre\/&#8221; icon_color=&#8221;#000000&#8243; _builder_version=&#8221;4.27.4&#8243; _module_preset=&#8221;default&#8221; background_color=&#8221;#FFFFFF&#8221; background_enable_color=&#8221;on&#8221; border_width_all=&#8221;1px&#8221; border_color_all=&#8221;#000000&#8243; global_colors_info=&#8221;{}&#8221; follow_button=&#8221;off&#8221; url_new_window=&#8221;on&#8221;]facebook[\/et_pb_social_media_follow_network][et_pb_social_media_follow_network social_network=&#8221;instagram&#8221; url=&#8221;https:\/\/www.instagram.com\/isabelle_delannoy\/&#8221; icon_color=&#8221;#000000&#8243; _builder_version=&#8221;4.27.4&#8243; _module_preset=&#8221;default&#8221; background_enable_color=&#8221;off&#8221; border_width_all=&#8221;1px&#8221; border_color_all=&#8221;#000000&#8243; global_colors_info=&#8221;{}&#8221; follow_button=&#8221;off&#8221; url_new_window=&#8221;on&#8221;]instagram[\/et_pb_social_media_follow_network][et_pb_social_media_follow_network social_network=&#8221;youtube&#8221; url=&#8221;https:\/\/www.youtube.com\/channel\/UCxpsgzShcmIIum02DDGnZDQ&#8221; icon_color=&#8221;#000000&#8243; _builder_version=&#8221;4.27.4&#8243; _module_preset=&#8221;default&#8221; background_enable_color=&#8221;off&#8221; border_width_all=&#8221;1px&#8221; border_color_all=&#8221;#000000&#8243; global_colors_info=&#8221;{}&#8221; follow_button=&#8221;off&#8221; url_new_window=&#8221;on&#8221;]youtube[\/et_pb_social_media_follow_network][et_pb_social_media_follow_network social_network=&#8221;linkedin&#8221; url=&#8221;https:\/\/www.linkedin.com\/in\/isabelle-delannoy-5b897558\/&#8221; icon_color=&#8221;#000000&#8243; _builder_version=&#8221;4.27.4&#8243; _module_preset=&#8221;default&#8221; background_enable_color=&#8221;off&#8221; border_width_all=&#8221;1px&#8221; border_color_all=&#8221;#000000&#8243; global_colors_info=&#8221;{}&#8221; follow_button=&#8221;off&#8221; url_new_window=&#8221;on&#8221;]linkedin[\/et_pb_social_media_follow_network][\/et_pb_social_media_follow][\/et_pb_column][\/et_pb_row][\/et_pb_section][et_pb_section fb_built=&#8221;1&#8243; admin_label=&#8221;About Us Section&#8221; module_id=&#8221;isabelle-delannoy-workshop&#8221; _builder_version=&#8221;4.27.4&#8243; custom_padding=&#8221;0px||0px||true|false&#8221; locked=&#8221;off&#8221; global_colors_info=&#8221;{}&#8221;][et_pb_row admin_label=&#8221;About Us Section&#8221; _builder_version=&#8221;4.27.4&#8243; width=&#8221;90%&#8221; max_width=&#8221;80%&#8221; custom_margin=&#8221;|||&#8221; custom_padding=&#8221;0px||||false|false&#8221; global_colors_info=&#8221;{}&#8221;][et_pb_column type=&#8221;4_4&#8243; _builder_version=&#8221;4.16&#8243; custom_padding=&#8221;80px||80px|&#8221; global_colors_info=&#8221;{}&#8221; custom_padding__hover=&#8221;|||&#8221;][et_pb_text admin_label=&#8221;Title&#8221; _builder_version=&#8221;4.27.4&#8243; text_font=&#8221;||||||||&#8221; header_font=&#8221;||||||||&#8221; header_2_font=&#8221;Alice||||||||&#8221; header_2_text_color=&#8221;#000000&#8243; header_2_font_size=&#8221;42px&#8221; header_2_line_height=&#8221;1.3em&#8221; custom_margin=&#8221;||||false|false&#8221; custom_padding=&#8221;||||false|false&#8221; animation_style=&#8221;slide&#8221; animation_direction=&#8221;top&#8221; animation_intensity_slide=&#8221;30%&#8221; animation_starting_opacity=&#8221;100%&#8221; global_colors_info=&#8221;{}&#8221;]<\/p>\n<h2>A Closer Look at Isabelle Delannoy&#8217;s Studio<\/h2>\n<p>[\/et_pb_text][et_pb_text _builder_version=&#8221;4.27.4&#8243; text_text_color=&#8221;#000000&#8243; text_font_size=&#8221;16px&#8221; global_colors_info=&#8221;{}&#8221;]I love all the sources of inspiration found in nature. I love sharing beauty, poetry, and an atmosphere that lets you immerse yourself in a painting![\/et_pb_text][et_pb_video src=&#8221;https:\/\/www.youtube.com\/watch?v=BirfhdVwr7E&#038;t=18s&#8221; image_src=&#8221;https:\/\/isabelle-delannoy.com\/wp-content\/uploads\/Isabelle-Delannoy-femme-artiste-peintre-dans-son-atelier.jpg&#8221; thumbnail_overlay_color=&#8221;rgba(0,0,0,0.6)&#8221; _builder_version=&#8221;4.27.4&#8243; custom_padding=&#8221;||0px||false|false&#8221; global_colors_info=&#8221;{}&#8221;][\/et_pb_video][\/et_pb_column][\/et_pb_row][\/et_pb_section][et_pb_section fb_built=&#8221;1&#8243; admin_label=&#8221;Header&#8221; module_id=&#8221;awards&#8221; _builder_version=&#8221;4.27.4&#8243; custom_padding=&#8221;20px||20px||true|false&#8221; locked=&#8221;off&#8221; global_colors_info=&#8221;{}&#8221;][et_pb_row column_structure=&#8221;3_5,2_5&#8243; _builder_version=&#8221;4.27.4&#8243; z_index=&#8221;10&#8243; width=&#8221;100%&#8221; max_width=&#8221;90%&#8221; custom_padding=&#8221;0px||0px|||&#8221; global_colors_info=&#8221;{}&#8221;][et_pb_column type=&#8221;3_5&#8243; _builder_version=&#8221;4.16&#8243; background_color=&#8221;#ffffff&#8221; z_index=&#8221;11&#8243; custom_padding=&#8221;50px|60px|50px||true|false&#8221; custom_padding_tablet=&#8221;0px|0px|60px||false|false&#8221; custom_padding_phone=&#8221;&#8221; custom_padding_last_edited=&#8221;on|tablet&#8221; global_colors_info=&#8221;{}&#8221;][et_pb_text _builder_version=&#8221;4.27.4&#8243; text_font=&#8221;||||||||&#8221; text_text_color=&#8221;#000000&#8243; text_font_size=&#8221;16px&#8221; text_line_height=&#8221;2em&#8221; header_font=&#8221;Alice||||||||&#8221; header_text_color=&#8221;#000000&#8243; header_font_size=&#8221;60px&#8221; header_line_height=&#8221;1.2em&#8221; header_2_font=&#8221;Alice||||||||&#8221; header_2_text_color=&#8221;#000000&#8243; header_2_font_size=&#8221;30px&#8221; header_2_line_height=&#8221;1.4em&#8221; custom_margin=&#8221;||||false|false&#8221; text_font_size_tablet=&#8221;15px&#8221; text_font_size_phone=&#8221;14px&#8221; text_font_size_last_edited=&#8221;on|phone&#8221; header_font_size_tablet=&#8221;50px&#8221; header_font_size_phone=&#8221;30px&#8221; header_font_size_last_edited=&#8221;on|phone&#8221; header_2_font_size_tablet=&#8221;25px&#8221; header_2_font_size_phone=&#8221;20px&#8221; header_2_font_size_last_edited=&#8221;on|phone&#8221; global_colors_info=&#8221;{}&#8221;]<\/p>\n<h1 style=\"text-align: justify;\">Awards<\/h1>\n<h2>Isabelle Delannoy has received numerous awards for her work<\/h2>\n<p>In 2023, he was awarded the Prix Univers des Arts at the 57th edition of the Salon de Barbizon. She also received three consecutive awards at the Salon des Artistes Fran\u00e7ais at the Grand Palais: the Madeleine Paillard Prize in 2005, the Marin Prize in 2006, and finally, in 2007\u2014<br \/>\u2014she received the Salon\u2019s Bronze Medal. <\/p>\n<p>She was also named a laureate by the Soci\u00e9t\u00e9 des Artistes du Val-de-Marne in 2009 and 2010, and was honored with a \u201cLetter of Congratulations from the Minister of Defense\u201d during the Biennale de la Marine at the Mus\u00e9e National de la Marine in Paris<\/p>\n<p>She is also a member of the Taylor Foundation.<\/p>\n<p>[\/et_pb_text][\/et_pb_column][et_pb_column type=&#8221;2_5&#8243; _builder_version=&#8221;4.16&#8243; z_index=&#8221;10&#8243; global_colors_info=&#8221;{}&#8221;][et_pb_image src=&#8221;https:\/\/isabelle-delannoy.com\/wp-content\/uploads\/BONJOUR-MONSIEUR-MARQUET-HSB-25&#215;25-1.jpg&#8221; alt=&#8221;HELLO, MR. MARQUET &#8211; Oil on wood, 25&#215;25 cm&#8221; title_text=&#8221;HELLO, MR. MARQUET &#8211; Oil on wood, 25&#215;25 cm&#8221; disabled_on=&#8221;on|on|off&#8221; _builder_version=&#8221;4.27.4&#8243; border_radii=&#8221;on|3px|3px|3px|3px&#8221; border_color_all=&#8221;RGBA(255,255,255,0)&#8221; global_colors_info=&#8221;{}&#8221;][\/et_pb_image][\/et_pb_column][\/et_pb_row][\/et_pb_section][et_pb_section fb_built=&#8221;1&#8243; custom_padding_last_edited=&#8221;off|desktop&#8221; admin_label=&#8221;Header&#8221; _builder_version=&#8221;4.27.4&#8243; custom_margin_tablet=&#8221;55px||||false|false&#8221; custom_margin_last_edited=&#8221;off|desktop&#8221; custom_padding=&#8221;20px||20px||true|false&#8221; custom_padding_tablet=&#8221;50px||50px||true|false&#8221; locked=&#8221;off&#8221; global_colors_info=&#8221;{}&#8221;][et_pb_row column_structure=&#8221;3_5,2_5&#8243; _builder_version=&#8221;4.27.4&#8243; z_index=&#8221;10&#8243; width=&#8221;100%&#8221; max_width=&#8221;90%&#8221; custom_padding=&#8221;0px||0px|||&#8221; global_colors_info=&#8221;{}&#8221;][et_pb_column type=&#8221;3_5&#8243; _builder_version=&#8221;4.16&#8243; background_color=&#8221;#ffffff&#8221; z_index=&#8221;11&#8243; custom_padding=&#8221;50px|60px|50px||true|false&#8221; custom_padding_tablet=&#8221;0px|0px|60px||false|false&#8221; custom_padding_phone=&#8221;&#8221; custom_padding_last_edited=&#8221;on|tablet&#8221; global_colors_info=&#8221;{}&#8221;][et_pb_text _builder_version=&#8221;4.27.4&#8243; text_font=&#8221;||||||||&#8221; text_text_color=&#8221;#000000&#8243; header_font=&#8221;Alice||||||||&#8221; header_text_color=&#8221;#000000&#8243; header_font_size=&#8221;60px&#8221; header_line_height=&#8221;1.2em&#8221; header_2_font=&#8221;Alice||||||||&#8221; header_2_text_color=&#8221;#000000&#8243; header_2_font_size=&#8221;30px&#8221; header_2_line_height=&#8221;1.4em&#8221; custom_margin=&#8221;||||false|false&#8221; text_font_size_tablet=&#8221;15px&#8221; text_font_size_phone=&#8221;14px&#8221; text_font_size_last_edited=&#8221;off|desktop&#8221; header_font_size_tablet=&#8221;50px&#8221; header_font_size_phone=&#8221;30px&#8221; header_font_size_last_edited=&#8221;on|phone&#8221; header_2_font_size_tablet=&#8221;25px&#8221; header_2_font_size_phone=&#8221;20px&#8221; header_2_font_size_last_edited=&#8221;on|phone&#8221; global_colors_info=&#8221;{}&#8221;]<\/p>\n<h1 style=\"text-align: justify;\">Price<\/h1>\n<p><strong>2023<\/strong> | \u201cUnivers des Arts Prize\u201d in the painting category, 57th Barbizon Prize<\/p>\n<p><strong>2014<\/strong> | \u201cPainting Prize\u201d from the Community of Communes, Salon de Charenton<\/p>\n<p><strong>2010<\/strong> | \u201cLetter of Congratulations from the Minister of Defense,\u201d Winner of the Biennale de la Marine, National Maritime Museum, Palais de Chaillot, Paris<\/p>\n<p><strong>2009<br \/><\/strong>| \u201cVal de Marne Artists\u2019 Society Award\u201d Val de Marne Artists\u2019 Exhibition<br \/>| \u201cMedal of the City of Saint-Maur\u201d Val de Marne Artists\u2019 Exhibition<\/p>\n<p><strong>2007<\/strong> | \u201cBronze Medal,\u201d Salon des Artistes Fran\u00e7ais, Grand Palais, Paris<\/p>\n<p><strong>2006<\/strong> | \u201cPrix Marin\u201d Salon des Artistes Fran\u00e7ais, Grand Palais, Paris<\/p>\n<p><strong>2005<br \/><\/strong>| \u201cMadeleine Paillard Prize,\u201d Salon des Artistes Fran\u00e7ais, Parc Floral, Paris<br \/>| \u201cPM Dupuy Prize,\u201d Salon des Artistes Fran\u00e7ais, Parc Floral, Paris<br \/>| \u201cMark Petit Prize,\u201d Salon de Charenton<\/p>\n<p><strong>2002<br \/><\/strong>| \u201cPrix des Varois de Paris\u201d International Art Fair in Le Lavandou<br \/>| \u201cFirst Prize in Painting\u201d Chatou Fine Arts Exhibition<\/p>\n<p>[\/et_pb_text][\/et_pb_column][et_pb_column type=&#8221;2_5&#8243; _builder_version=&#8221;4.16&#8243; z_index=&#8221;10&#8243; global_colors_info=&#8221;{}&#8221;][et_pb_image src=&#8221;https:\/\/isabelle-delannoy.com\/wp-content\/uploads\/2021\/11\/Delicatesse-Huile-sur-Toile-35&#215;27-cm.jpg&#8221; alt=&#8221;DELICACY &#8211; Oil on canvas, 35&#215;27 cm&#8221; title_text=&#8221;DELICACY &#8211; Oil on canvas, 35&#215;27 cm&#8221; disabled_on=&#8221;on|on|off&#8221; _builder_version=&#8221;4.27.4&#8243; border_radii=&#8221;on|3px|3px|3px|3px&#8221; border_color_all=&#8221;RGBA(255,255,255,0)&#8221; global_colors_info=&#8221;{}&#8221;][\/et_pb_image][\/et_pb_column][\/et_pb_row][\/et_pb_section][et_pb_section fb_built=&#8221;1&#8243; admin_label=&#8221;Header&#8221; module_id=&#8221;exhibitions&#8221; _builder_version=&#8221;4.27.4&#8243; custom_padding=&#8221;20px||20px||true|false&#8221; locked=&#8221;off&#8221; global_colors_info=&#8221;{}&#8221;][et_pb_row column_structure=&#8221;3_5,2_5&#8243; _builder_version=&#8221;4.27.4&#8243; z_index=&#8221;10&#8243; width=&#8221;100%&#8221; max_width=&#8221;90%&#8221; custom_padding=&#8221;0px||0px|||&#8221; global_colors_info=&#8221;{}&#8221;][et_pb_column type=&#8221;3_5&#8243; _builder_version=&#8221;4.16&#8243; background_color=&#8221;#ffffff&#8221; z_index=&#8221;11&#8243; custom_padding=&#8221;50px|60px|50px||true|false&#8221; custom_padding_tablet=&#8221;0px|0px|60px||false|false&#8221; custom_padding_phone=&#8221;&#8221; custom_padding_last_edited=&#8221;on|tablet&#8221; global_colors_info=&#8221;{}&#8221;][et_pb_text _builder_version=&#8221;4.27.4&#8243; text_font=&#8221;||||||||&#8221; text_text_color=&#8221;#000000&#8243; text_line_height=&#8221;1.3em&#8221; header_font=&#8221;Alice||||||||&#8221; header_text_color=&#8221;#000000&#8243; header_font_size=&#8221;60px&#8221; header_line_height=&#8221;1.5em&#8221; header_2_font=&#8221;Alice||||||||&#8221; header_2_text_color=&#8221;#000000&#8243; header_2_font_size=&#8221;30px&#8221; header_2_line_height=&#8221;1.4em&#8221; custom_margin=&#8221;||||false|false&#8221; header_font_size_tablet=&#8221;50px&#8221; header_font_size_phone=&#8221;30px&#8221; header_font_size_last_edited=&#8221;on|phone&#8221; header_2_font_size_tablet=&#8221;25px&#8221; header_2_font_size_phone=&#8221;20px&#8221; header_2_font_size_last_edited=&#8221;on|phone&#8221; global_colors_info=&#8221;{}&#8221;]<\/p>\n<h1>Solo Exhibitions<\/h1>\n<p><strong>2025<\/strong> |<strong> Guest of Honor<\/strong> at the 41st Saint-Maurice Fair<\/p>\n<p><strong>2023<\/strong> | \u201cLes Fleurs du Bien,\u201d Galerie B\u00e9atrice Hodent de Broutelles, Paris 7<\/p>\n<p><strong>2021<\/strong> | \u201cNature as a Model\u201d at the Prieur\u00e9 Saint-Nicolas, Les Sables d&#8217;Olonne<\/p>\n<p><strong>2021<\/strong> | \u201cInner Poetry\u201d at the Ch\u00e2teau de Bizy, Vernon<\/p>\n<p><strong>2019<\/strong> | A vendor, an artist, Biron Market, Dauphine Market, Saint-Ouen<\/p>\n<p><strong>2018<\/strong> | Plaine Commune Grand Paris Tourist Office, Saint-Ouen<\/p>\n<p><strong>2015<\/strong> | Ch\u00e2teau HEC, Jouy-en-Josas<\/p>\n<p><strong>2013<\/strong> | Navy General Staff, Rue Royale, Paris<\/p>\n<p><strong>2010<\/strong> | Espace Philomuses, Quai des Grands Augustins, Paris<\/p>\n<p><strong>2009<\/strong> | Galerie Etienne de Causans, Rue de Seine, Paris<\/p>\n<p><strong>2008<\/strong> | Th\u00e9\u00e2tre du Montparnasse, Rue de la Ga\u00eet\u00e9, Paris<\/p>\n<p><strong>2007<br \/><\/strong>| Galerie des Chapelains, Rue Saint-Etienne, Nevers<br \/>| Listed washhouse, Rue Victor-Hugo, Carri\u00e8res\/Seine<\/p>\n<p><strong>2006<\/strong> | Galerie Etienne de Causans, Rue de Seine, Paris<\/p>\n<p><strong>2005<\/strong> | Guest of Honor at the St-Loup-sur-Thouet Painting Festival<\/p>\n<p><strong>2003<\/strong> | Galerie-Atelier du Marais, Rue Fran\u00e7ois Miron, Paris<\/p>\n<p>[\/et_pb_text][et_pb_image src=&#8221;https:\/\/isabelle-delannoy.com\/wp-content\/uploads\/Capture-decran-2023-05-09-a-11.44.26.jpg&#8221; alt=&#8221;THE FLOWERS OF GOODNESS No. 16 &#8211; Oil on canvas, 29&#215;29 cm&#8221; title_text=&#8221;THE FLOWERS OF GOODNESS No. 16 &#8211; Oil on canvas, 29&#215;29 cm&#8221; align=&#8221;center&#8221; disabled_on=&#8221;on|on|off&#8221; _builder_version=&#8221;4.27.4&#8243; width=&#8221;50%&#8221; border_radii=&#8221;on|3px|3px|3px|3px&#8221; border_color_all=&#8221;RGBA(255,255,255,0)&#8221; global_colors_info=&#8221;{}&#8221;][\/et_pb_image][\/et_pb_column][et_pb_column type=&#8221;2_5&#8243; _builder_version=&#8221;4.16&#8243; z_index=&#8221;10&#8243; global_colors_info=&#8221;{}&#8221;][et_pb_text ul_type=&#8221;none&#8221; ul_item_indent=&#8221;30px&#8221; _builder_version=&#8221;4.27.4&#8243; text_font=&#8221;||||||||&#8221; text_text_color=&#8221;#000000&#8243; text_line_height=&#8221;1.3em&#8221; header_font=&#8221;Alice||||||||&#8221; header_text_color=&#8221;#000000&#8243; header_font_size=&#8221;60px&#8221; header_line_height=&#8221;1.2em&#8221; header_2_font=&#8221;Alice||||||||&#8221; header_2_text_color=&#8221;#000000&#8243; header_2_font_size=&#8221;35px&#8221; header_2_line_height=&#8221;1.4em&#8221; custom_margin=&#8221;||||false|false&#8221; header_font_size_tablet=&#8221;50px&#8221; header_font_size_phone=&#8221;30px&#8221; header_font_size_last_edited=&#8221;on|phone&#8221; header_2_font_size_tablet=&#8221;25px&#8221; header_2_font_size_phone=&#8221;20px&#8221; header_2_font_size_last_edited=&#8221;on|phone&#8221; global_colors_info=&#8221;{}&#8221;]<\/p>\n<h2>Group Exhibitions<\/h2>\n<p><strong><\/strong><\/p>\n<p><strong>2025<br \/><\/strong>| Senate Orange Grove &#8211; Luxembourg Gardens<\/p>\n<p><strong>2025 &#8211; 2024 &#8211; 2023<\/strong> | Salon Comparaison, Grand Palais, Paris &#8211; \u201cFiguration In\u00e9vitable\u201d Group<\/p>\n<p><strong>2024<\/strong><br \/>| Rotarienne des Arts, Prieur\u00e9 Saint-Nicolas, Les Sables d\u2019Olonne<br \/>| Versailles Biennale, Carr\u00e9 \u00e0 la Farine, Versailles<\/p>\n<p><strong>2023<\/strong> | 57th Barbizon Art Fair, \u201c2023 Univers des Arts Award\u201d<\/p>\n<p><strong>2020<\/strong> | Viviane Henwood Gallery, Les Sables d\u2019Olonne<\/p>\n<p><strong>2019\u20132017<\/strong> | Headquarters of UMS and Thales, part of the Vinci Group, V\u00e9lizy<\/p>\n<p><strong>2018<\/strong> | Shangjin International Art Center, Yunxi, Hubei, China<\/p>\n<p><strong>2018\u20132008<\/strong><br \/>| Villa M\u00e9dicis, La Varenne Saint-Hiliaire<br \/>| Val-de-Marne Artists\u2019 Salon<\/p>\n<p><strong>2017\u20132012<\/strong><br \/>| H\u00f4tel des Invalides<br \/>| National Maritime Museum<br \/>| National Armed Forces Association<\/p>\n<p><strong>2017<\/strong> | Saint-L\u00f4 National Stud Farm &#8211; Carrare Trophy: \u201cInterpretation of the Bayeux Tapestry\u201d<\/p>\n<p><strong>2017\u20132015<\/strong> | Daniel Besseiche Gallery, Paris, Courchevel, and Dinard<\/p>\n<p><strong>2014<\/strong><br \/>| 61st Salon de Charenton \u201cPainting Prize\u201d awarded by the Communaut\u00e9 des Communes<br \/>| Furstenberg Gallery, Paris \u201cAmericans in Paris\u201d Pop exhibition<\/p>\n<p><strong>2011<\/strong> | Bry-sur-Marne Museum, H\u00f4tel de Malestroit, \u201cLa Fleur de l\u2019Art\u201d<\/p>\n<p><strong>2010<br \/><\/strong>| Galerie Mouvances, Place des Vosges, Paris<br \/>| National Maritime Museum, Maritime Biennial, Palais de Chaillot, Paris<\/p>\n<p><strong>2009 &#8211; 2006 &#8211; 2005<\/strong> | Salon des Artistes Fran\u00e7ais, Grand Palais, Paris &#8211; \u201cArt en Capital\u201d<\/p>\n<p><strong>2009 &#8211; 2006 &#8211; 2005<\/strong><br \/>| Espace Art et Libert\u00e9, Charenton \u201cBords de mer\u201d<br \/>| Espace Art et Libert\u00e9, Charenton \u201cD\u00e9tours en \u00cele-de-France\u201d \u201d<br \/>| Espace Art et Libert\u00e9, Charenton \u201cRegards sur la ville\u201d<\/p>\n<p><strong>2008<\/strong> | Palais des Congr\u00e8s, Paris &#8211; \u201cOasis in Paris\u201d Exhibition<\/p>\n<p><strong>2006<br \/><\/strong>| Traveling exhibition in Japan (under the auspices of the Soci\u00e9t\u00e9 des Artistes Fran\u00e7ais)<br \/>| Sejong Art Center, Seoul (under the auspices of the Soci\u00e9t\u00e9 des Artistes Fran\u00e7ais)<br \/>| Jesuit Chapel in Chaumont (under the auspices of the Soci\u00e9t\u00e9 des Artistes Fran\u00e7ais)<\/p>\n<p><strong>2003\u20132002<\/strong> | Salon des Beaux-Arts, Chatou<\/p>\n<p><strong>2003<\/strong> | Man\u00e8ge Royal, Saint-Germain-en-Laye (artists who won awards in 2002 in the Yvelines department)<\/p>\n<p><strong>2002<br \/><\/strong>| Bry-sur-Marne Museum, H\u00f4tel de Malestroit<br \/>| Le Lavandou International Art Fair<br \/>| \u00c9tampes Museum &#8211; \u201cThe Portrait\u201d Exhibition<\/p>\n<p>[\/et_pb_text][\/et_pb_column][\/et_pb_row][\/et_pb_section][et_pb_section fb_built=&#8221;1&#8243; admin_label=&#8221;Video Section&#8221; module_id=&#8221;video highlights&#8221; _builder_version=&#8221;4.27.4&#8243; custom_margin=&#8221;50px||||false|false&#8221; custom_padding=&#8221;||||false|false&#8221; locked=&#8221;off&#8221; global_colors_info=&#8221;{}&#8221;][et_pb_row admin_label=&#8221;Title Area&#8221; _builder_version=&#8221;4.16&#8243; custom_padding=&#8221;||0px|||&#8221; locked=&#8221;off&#8221; global_colors_info=&#8221;{}&#8221;][et_pb_column type=&#8221;4_4&#8243; _builder_version=&#8221;4.16&#8243; custom_padding=&#8221;|||&#8221; global_colors_info=&#8221;{}&#8221; custom_padding__hover=&#8221;|||&#8221;][et_pb_text admin_label=&#8221;Title&#8221; _builder_version=&#8221;4.27.4&#8243; text_font=&#8221;||||||||&#8221; header_font=&#8221;||||||||&#8221; header_2_font=&#8221;Alice||||||||&#8221; header_2_text_align=&#8221;center&#8221; header_2_text_color=&#8221;#000000&#8243; header_2_font_size=&#8221;42px&#8221; custom_margin=&#8221;||20px|&#8221; animation_style=&#8221;slide&#8221; animation_direction=&#8221;top&#8221; animation_intensity_slide=&#8221;30%&#8221; animation_starting_opacity=&#8221;100%&#8221; global_colors_info=&#8221;{}&#8221;]<\/p>\n<h2>More video highlights from the artist&#8217;s life<\/h2>\n<p>[\/et_pb_text][\/et_pb_column][\/et_pb_row][et_pb_row column_structure=&#8221;1_3,1_3,1_3&#8243; use_custom_gutter=&#8221;on&#8221; gutter_width=&#8221;2&#8243; make_equal=&#8221;on&#8221; admin_label=&#8221;Video Area&#8221; _builder_version=&#8221;4.27.4&#8243; width=&#8221;100%&#8221; max_width=&#8221;700%&#8221; module_alignment=&#8221;center&#8221; custom_padding=&#8221;27px|0px|0px|0px&#8221; global_colors_info=&#8221;{}&#8221;][et_pb_column type=&#8221;1_3&#8243; _builder_version=&#8221;4.16&#8243; custom_padding=&#8221;|||&#8221; global_colors_info=&#8221;{}&#8221; custom_padding__hover=&#8221;|||&#8221;][et_pb_text _builder_version=&#8221;4.27.4&#8243; text_font=&#8221;|||||on|||&#8221; text_text_color=&#8221;#000000&#8243; text_font_size=&#8221;30px&#8221; header_3_font=&#8221;|||||on|||&#8221; header_3_text_color=&#8221;#000000&#8243; text_orientation=&#8221;center&#8221; animation_style=&#8221;slide&#8221; animation_direction=&#8221;top&#8221; animation_intensity_slide=&#8221;10%&#8221; animation_starting_opacity=&#8221;100%&#8221; global_colors_info=&#8221;{}&#8221;]<\/p>\n<p>Interview<\/p>\n<p>[\/et_pb_text][et_pb_video src=&#8221;https:\/\/www.youtube.com\/watch?v=bxMOd803pT0&#8243; image_src=&#8221;\/\/i.ytimg.com\/vi\/bxMOd803pT0\/hqdefault.jpg&#8221; thumbnail_overlay_color=&#8221;rgba(0,0,0,0.6)&#8221; _builder_version=&#8221;4.21.0&#8243; locked=&#8221;off&#8221; global_colors_info=&#8221;{}&#8221;][\/et_pb_video][\/et_pb_column][et_pb_column type=&#8221;1_3&#8243; _builder_version=&#8221;4.16&#8243; custom_padding=&#8221;|||&#8221; global_colors_info=&#8221;{}&#8221; custom_padding__hover=&#8221;|||&#8221;][et_pb_text _builder_version=&#8221;4.27.4&#8243; text_font=&#8221;|||||on|||&#8221; text_text_color=&#8221;#000000&#8243; text_font_size=&#8221;30px&#8221; header_3_font=&#8221;|||||on|||&#8221; header_3_text_color=&#8221;#000000&#8243; text_orientation=&#8221;center&#8221; animation_style=&#8221;slide&#8221; animation_direction=&#8221;top&#8221; animation_intensity_slide=&#8221;10%&#8221; animation_starting_opacity=&#8221;100%&#8221; global_colors_info=&#8221;{}&#8221;]Paris Flea Market &#8211; Saint-Ouen[\/et_pb_text][et_pb_video src=&#8221;https:\/\/vimeo.com\/253947325\/932a8c91bc&#8221; image_src=&#8221;https:\/\/isabelle-delannoy.com\/wp-content\/uploads\/2021\/11\/Marche-aux-Puces-de-Paris-Saint-Ouen.jpg&#8221; thumbnail_overlay_color=&#8221;rgba(0,0,0,0.6)&#8221; _builder_version=&#8221;4.16&#8243; animation_style=&#8221;fade&#8221; global_colors_info=&#8221;{}&#8221;][\/et_pb_video][\/et_pb_column][et_pb_column type=&#8221;1_3&#8243; _builder_version=&#8221;4.16&#8243; custom_padding=&#8221;|||&#8221; global_colors_info=&#8221;{}&#8221; custom_padding__hover=&#8221;|||&#8221;][et_pb_text _builder_version=&#8221;4.27.4&#8243; text_font=&#8221;|||||on|||&#8221; text_text_color=&#8221;#000000&#8243; text_font_size=&#8221;30px&#8221; header_3_font=&#8221;|||||on|||&#8221; header_3_text_color=&#8221;#000000&#8243; text_orientation=&#8221;center&#8221; animation_style=&#8221;slide&#8221; animation_direction=&#8221;top&#8221; animation_intensity_slide=&#8221;10%&#8221; animation_starting_opacity=&#8221;100%&#8221; global_colors_info=&#8221;{}&#8221;]<\/p>\n<p>The Collective at the Gallery<\/p>\n<p>[\/et_pb_text][et_pb_video src=&#8221;https:\/\/www.youtube.com\/watch?v=J8YHuDRGtCA&#8221; image_src=&#8221;https:\/\/isabelle-delannoy.com\/wp-content\/uploads\/2021\/11\/Collectif-dans-lAtelier-Isabelle-Delannoy-Paris-Saint-Ouen.jpg&#8221; thumbnail_overlay_color=&#8221;rgba(0,0,0,0.6)&#8221; _builder_version=&#8221;4.16&#8243; global_colors_info=&#8221;{}&#8221;][\/et_pb_video][\/et_pb_column][\/et_pb_row][\/et_pb_section]<\/p>\n","protected":false},"excerpt":{"rendered":"<p>The artist Isabelle A soft and sensitive palette in search of a poetic reality\u2026 Isabelle Delannoy is a French painter who graduated from the Conservatoire National des Arts et M\u00e9tiers in 1995 and trained in oil painting techniques under the painters Philippe Lejeune, founder of the \u00c9cole d&#8217;\u00c9tampes, and Pascal Vinardel, in his painting studio [&hellip;]<\/p>\n","protected":false},"author":12,"featured_media":0,"parent":0,"menu_order":0,"comment_status":"closed","ping_status":"closed","template":"","meta":{"_et_pb_use_builder":"on","_et_pb_old_content":"","_et_gb_content_width":"","footnotes":""},"class_list":["post-17075","page","type-page","status-publish","hentry"],"_links":{"self":[{"href":"https:\/\/isabelle-delannoy.com\/en\/wp-json\/wp\/v2\/pages\/17075","targetHints":{"allow":["GET"]}}],"collection":[{"href":"https:\/\/isabelle-delannoy.com\/en\/wp-json\/wp\/v2\/pages"}],"about":[{"href":"https:\/\/isabelle-delannoy.com\/en\/wp-json\/wp\/v2\/types\/page"}],"author":[{"embeddable":true,"href":"https:\/\/isabelle-delannoy.com\/en\/wp-json\/wp\/v2\/users\/12"}],"replies":[{"embeddable":true,"href":"https:\/\/isabelle-delannoy.com\/en\/wp-json\/wp\/v2\/comments?post=17075"}],"version-history":[{"count":5,"href":"https:\/\/isabelle-delannoy.com\/en\/wp-json\/wp\/v2\/pages\/17075\/revisions"}],"predecessor-version":[{"id":17480,"href":"https:\/\/isabelle-delannoy.com\/en\/wp-json\/wp\/v2\/pages\/17075\/revisions\/17480"}],"wp:attachment":[{"href":"https:\/\/isabelle-delannoy.com\/en\/wp-json\/wp\/v2\/media?parent=17075"}],"curies":[{"name":"wp","href":"https:\/\/api.w.org\/{rel}","templated":true}]}}